{"id":356,"date":"2024-01-02T21:34:04","date_gmt":"2024-01-02T20:34:04","guid":{"rendered":"https:\/\/salomegasselin.com\/?page_id=356"},"modified":"2026-03-18T18:33:22","modified_gmt":"2026-03-18T17:33:22","slug":"salome-gasselin-biographie-viole-de-gambe","status":"publish","type":"page","link":"https:\/\/salomegasselin.com\/index.php\/salome-gasselin-biographie-viole-de-gambe\/","title":{"rendered":"Bio"},"content":{"rendered":"\t\t<div data-elementor-type=\"wp-page\" data-elementor-id=\"356\" class=\"elementor elementor-356\">\n\t\t\t\t<div class=\"elementor-element elementor-element-2698fb7 e-flex e-con-boxed e-con e-parent\" data-id=\"2698fb7\" data-element_type=\"container\" data-e-type=\"container\" data-settings=\"{&quot;background_background&quot;:&quot;classic&quot;}\">\n\t\t\t\t\t<div class=\"e-con-inner\">\n\t\t\t\t<div class=\"elementor-element elementor-element-b997559 elementor-widget elementor-widget-spacer\" data-id=\"b997559\" data-element_type=\"widget\" data-e-type=\"widget\" data-widget_type=\"spacer.default\">\n\t\t\t\t<div class=\"elementor-widget-container\">\n\t\t\t\t\t\t\t<div class=\"elementor-spacer\">\n\t\t\t<div class=\"elementor-spacer-inner\"><\/div>\n\t\t<\/div>\n\t\t\t\t\t\t<\/div>\n\t\t\t\t<\/div>\n\t\t\t\t<div class=\"elementor-element elementor-element-63088b7 elementor-widget elementor-widget-spacer\" data-id=\"63088b7\" data-element_type=\"widget\" data-e-type=\"widget\" data-widget_type=\"spacer.default\">\n\t\t\t\t<div class=\"elementor-widget-container\">\n\t\t\t\t\t\t\t<div class=\"elementor-spacer\">\n\t\t\t<div class=\"elementor-spacer-inner\"><\/div>\n\t\t<\/div>\n\t\t\t\t\t\t<\/div>\n\t\t\t\t<\/div>\n\t\t<div class=\"elementor-element elementor-element-34b767c e-flex e-con-boxed e-con e-child\" data-id=\"34b767c\" data-element_type=\"container\" data-e-type=\"container\">\n\t\t\t\t\t<div class=\"e-con-inner\">\n\t\t\t\t<div class=\"elementor-element elementor-element-d061d2b elementor-widget elementor-widget-image\" data-id=\"d061d2b\" data-element_type=\"widget\" data-e-type=\"widget\" data-widget_type=\"image.default\">\n\t\t\t\t<div class=\"elementor-widget-container\">\n\t\t\t\t\t\t\t\t\t\t\t\t\t\t\t<img fetchpriority=\"high\" decoding=\"async\" width=\"1024\" height=\"679\" src=\"https:\/\/salomegasselin.com\/wp-content\/uploads\/2024\/01\/000083980006-1024x679.jpeg\" class=\"attachment-large size-large wp-image-447\" alt=\"Salom\u00e9 Gasselin Biographie\" srcset=\"https:\/\/salomegasselin.com\/wp-content\/uploads\/2024\/01\/000083980006-1024x679.jpeg 1024w, https:\/\/salomegasselin.com\/wp-content\/uploads\/2024\/01\/000083980006-300x199.jpeg 300w, https:\/\/salomegasselin.com\/wp-content\/uploads\/2024\/01\/000083980006-768x509.jpeg 768w, https:\/\/salomegasselin.com\/wp-content\/uploads\/2024\/01\/000083980006-1536x1018.jpeg 1536w, https:\/\/salomegasselin.com\/wp-content\/uploads\/2024\/01\/000083980006-2048x1358.jpeg 2048w\" sizes=\"(max-width: 1024px) 100vw, 1024px\" \/>\t\t\t\t\t\t\t\t\t\t\t\t\t\t\t<\/div>\n\t\t\t\t<\/div>\n\t\t\t\t\t<\/div>\n\t\t\t\t<\/div>\n\t\t\t\t\t<\/div>\n\t\t\t\t<\/div>\n\t\t<div class=\"elementor-element elementor-element-397897f e-flex e-con-boxed e-con e-parent\" data-id=\"397897f\" data-element_type=\"container\" data-e-type=\"container\">\n\t\t\t\t\t<div class=\"e-con-inner\">\n\t\t\t\t<div class=\"elementor-element elementor-element-097add7 elementor-widget elementor-widget-spacer\" data-id=\"097add7\" data-element_type=\"widget\" data-e-type=\"widget\" data-widget_type=\"spacer.default\">\n\t\t\t\t<div class=\"elementor-widget-container\">\n\t\t\t\t\t\t\t<div class=\"elementor-spacer\">\n\t\t\t<div class=\"elementor-spacer-inner\"><\/div>\n\t\t<\/div>\n\t\t\t\t\t\t<\/div>\n\t\t\t\t<\/div>\n\t\t\t\t\t<\/div>\n\t\t\t\t<\/div>\n\t\t<div class=\"elementor-element elementor-element-b0820ff e-flex e-con-boxed e-con e-parent\" data-id=\"b0820ff\" data-element_type=\"container\" data-e-type=\"container\">\n\t\t\t\t\t<div class=\"e-con-inner\">\n\t\t\t\t<div class=\"elementor-element elementor-element-f90aa27 elementor-widget elementor-widget-text-editor\" data-id=\"f90aa27\" data-element_type=\"widget\" data-e-type=\"widget\" data-widget_type=\"text-editor.default\">\n\t\t\t\t<div class=\"elementor-widget-container\">\n\t\t\t\t\t\t\t\t\t<p><strong>\u00a0&#8212;\u00a0english\u00a0below &#8212;<\/strong><\/p>\t\t\t\t\t\t\t\t<\/div>\n\t\t\t\t<\/div>\n\t\t\t\t\t<\/div>\n\t\t\t\t<\/div>\n\t\t<div class=\"elementor-element elementor-element-75a4bfa e-flex e-con-boxed e-con e-parent\" data-id=\"75a4bfa\" data-element_type=\"container\" data-e-type=\"container\">\n\t\t\t\t\t<div class=\"e-con-inner\">\n\t\t\t\t<div class=\"elementor-element elementor-element-3474c7e elementor-widget elementor-widget-text-editor\" data-id=\"3474c7e\" data-element_type=\"widget\" data-e-type=\"widget\" data-widget_type=\"text-editor.default\">\n\t\t\t\t<div class=\"elementor-widget-container\">\n\t\t\t\t\t\t\t\t\t<p>Salom\u00e9 Gasselin, figure embl\u00e9matique d\u2019une nouvelle g\u00e9n\u00e9ration, redonne des couleurs \u00e0 son instrument f\u00e9tiche : la viole de gambe. <br \/>Elle trace une route ponctu\u00e9e de nombreuses r\u00e9compenses : premier prix \u00e0 l\u2019unanimit\u00e9 du Gianni Bergamo Music Award 2020 \u00e0 Lugano <br \/>en Suisse, deuxi\u00e8me prix du Concours Bach-Abel 2020 \u00e0 K\u00f6then en Allemagne&#8230; <em>Le Monde<\/em> la classe parmi les promesses de l\u2019ann\u00e9e 2023. En 2024, elle re\u00e7oit la Victoire de la Musique Classique \u00ab R\u00e9v\u00e9lation soliste instrumental \u00bb.<\/p><p>M\u00eame si elle a pourtant cru que le rugby lui apporterait ses premi\u00e8res victoires, Salom\u00e9 choisit rapidement la musique comme terrain de jeu favori. Elle se forme au CNSMD de Lyon dans la classe de Marianne Muller avant de poursuivre en Hollande au Koninklijk Conservatorium de La Haye dans la classe de Philippe Pierlot et enfin en Autriche au Mozarteum de Salzburg avec Vittorio Ghielmi. En parall\u00e8le de son parcours musical, elle \u00e9tudie les Lettres Modernes l\u2019Universit\u00e9 Paris X.<\/p><p>Salom\u00e9 Gasselin se produit dans des salles comme le Wigmore Hall, Musikverein de Vienne, Philharmonie de Paris, Forbidden City Concert Hall de Bejing, Philharmonie de Berlin, ElbPhilarmonie, Bozar et dans des festivals comme La Folle Journ\u00e9e de Nantes, <br \/>le Th\u00fcringer Bachwochen, le Festival International de Piano de La Roque d\u2019Anth\u00e9ron,\u00a0 le Festival de Chambord, le Festival de Sabl\u00e9, le Chigiana Festival de Sienne,\u00a0 Musique baroque en Avignon&#8230; <br \/>Pour ses concerts, elle joue avec les ensembles Gli Angeli Gen\u00e8ve, Pygmalion, Jupiter, Masques, Ratas del Viejo Mundo, le Po\u00e8me Harmonique, Capriccio Stravagante. En musique de chambre, elle s\u2019entoure d\u2019Emmanuel Arak\u00e9lian \u00e0 l\u2019orgue, des clavecinistes Violaine Cochard, Arnaud de Pasquale et Justin Taylor, du th\u00e9orbiste Daniel Zapico, du contre-t\u00e9nor Paul-Antoine Benos-Djian ou encore du guitariste et percussioniste Kevin Seddiki. En 2025, elle fonde le Cairn Consort, un consort de viole de gambe qui s\u2019attache \u00e0 un r\u00e9pertoire aussi immense que celui du quatuor \u00e0 cordes, hors des sentiers battus.<\/p><p>Durant la saison 2025-2026, Salom\u00e9 Gasselin se produit en solo et musique de chambre \u00e0 la Philharmonie de Paris, \u00e0 la MC2 Grenoble, au Festival AMUZ, au Konzerthaus Berlin, au Palais du Pharo \u00e0 Marseille, \u00e0 Wiesbaden en Allemagne, au MA Festival de Bruges, au Festival Radio France Montpellier, au Paris Jazz festival, dans Classique au vert, \u00e0 la Philarmonie de Kyiv\u2026\u00a0 \u00a0 \u00a0 \u00a0 \u00a0 \u00a0 \u00a0 \u00a0 \u00a0 \u00a0 \u00a0 \u00a0 \u00a0 \u00a0 \u00a0 \u00a0 \u00a0 \u00a0 \u00a0 \u00a0 \u00a0 \u00a0 \u00a0 \u00a0 \u00a0 \u00a0 \u00a0 \u00a0 \u00a0 \u00a0Son premier album, R\u00e9cit, est sorti en 2023 dans le label Mirare et a \u00e9t\u00e9 acclam\u00e9 par la critique. En 2025 sort son album Myst\u00e8res (Mirare), d\u00e9di\u00e9 \u00e0 la musique de Bach et de Biber. Salom\u00e9 a cr\u00e9\u00e9 la classe de viole de gambe du Conservatoire Pierre Barbizet de Marseille en 2021 avant de partir vers de nouveaux horizons en 2024. Elle joue une basse de viole de Simon Bongars faite \u00e0 Paris en 1655.<\/p>\t\t\t\t\t\t\t\t<\/div>\n\t\t\t\t<\/div>\n\t\t\t\t\t<\/div>\n\t\t\t\t<\/div>\n\t\t<div class=\"elementor-element elementor-element-ca3be33 e-flex e-con-boxed e-con e-parent\" data-id=\"ca3be33\" data-element_type=\"container\" data-e-type=\"container\">\n\t\t\t\t\t<div class=\"e-con-inner\">\n\t\t\t\t<div class=\"elementor-element elementor-element-112ff46 elementor-widget-divider--view-line elementor-widget elementor-widget-divider\" data-id=\"112ff46\" data-element_type=\"widget\" data-e-type=\"widget\" data-widget_type=\"divider.default\">\n\t\t\t\t<div class=\"elementor-widget-container\">\n\t\t\t\t\t\t\t<div class=\"elementor-divider\">\n\t\t\t<span class=\"elementor-divider-separator\">\n\t\t\t\t\t\t<\/span>\n\t\t<\/div>\n\t\t\t\t\t\t<\/div>\n\t\t\t\t<\/div>\n\t\t\t\t\t<\/div>\n\t\t\t\t<\/div>\n\t\t<div class=\"elementor-element elementor-element-968e92b e-flex e-con-boxed e-con e-parent\" data-id=\"968e92b\" data-element_type=\"container\" data-e-type=\"container\">\n\t\t\t\t\t<div class=\"e-con-inner\">\n\t\t\t\t<div class=\"elementor-element elementor-element-eda8bf1 elementor-widget elementor-widget-text-editor\" data-id=\"eda8bf1\" data-element_type=\"widget\" data-e-type=\"widget\" data-widget_type=\"text-editor.default\">\n\t\t\t\t<div class=\"elementor-widget-container\">\n\t\t\t\t\t\t\t\t\t<p><span style=\"font-weight: 400;\">Salom\u00e9 Gasselin is an artist on the rise. Winner of the &#8220;Instruental Soloist Revelation&#8221; award at the 2024 Victoires de la Musique Classique &#8211; France\u2019s highest classical music awards &#8211; the young Frenchwoman is putting the viola da gamba in the spotlight. <\/span><\/p><p><span style=\"font-weight: 400;\">Her career has been marked by numerous awards: among others, she was unanimously awarded the grand prize at the 2020 Gianni Bergamo Music Award in Lugano, Switzerland, and she received the second prize at the 2020 Bach-Abel competition in Germany. Her first album,\u00a0<\/span><i><span style=\"font-weight: 400;\">R\u00e9cit,\u00a0<\/span><\/i><span style=\"font-weight: 400;\">has been praised for \u201cmaking the viol vibrate.\u201d It was selected by <\/span><i><span style=\"font-weight: 400;\">Le Monde <\/span><\/i><span style=\"font-weight: 400;\">as one of the \u201cPromises of the Year\u201d in 2023.<\/span><span style=\"font-weight: 400;\">\u00a0<\/span><span style=\"font-weight: 400;\">Although she once believed that she\u2019d win her first victories playing rugby, Salom\u00e9 quickly decided that the concert hall was her preferred arena. She studied first at the CNSMD of Lyon with Marianne Muller, then in Holland at the Royal Conservatory of the Hague with Philippe Pierlot, and finally in Austria, at the Mozarteum University of Salzburg with Vittorio Ghielmi. Alongside music, Salom\u00e9 studied modern literature at the University of Paris 10. <\/span><\/p><p><span style=\"font-weight: 400;\">Salom\u00e9 performs with many of the world\u2019s leading ensembles \u2013 Pygmalion, Gli Angeli, Jupiter, Masques, Ratas del Viejo Mundo, le Po\u00e8me Harmonique, and Capriccio Stravante \u2013 and has played at Wigmore Hall, the Musikverein of Vienna, the Paris Philharmonic, the Forbidden City Concert Hall in Beijing, the Berlin Philharmonic, and the ElbPhilharmonie, among others. <br \/>In chamber music, she is joined by Emmanuel Arak\u00e9lian (organ), Violaine Cochard, Arnaud de Pasquale and Justin Taylor<br \/>(harpsichord), Daniel Zapico (theorbo), Paul-Antoine Benos Dijan (counter-tenor) and Kevin Seddiki (guitar and zarb). <\/span><\/p><p><span style=\"font-weight: 400;\">In 2025 she founds the Cairn Consort, a viol consort that focuses on a repertoire as vast as that of the string quartet, outside the box. During the 2025-2026 season, Salom\u00e9 Gasselin is performing in solo recital and in chamber music at the Philharmonie de Paris, at the MC2 Grenoble, at the AMUZ Festival, at the Konzerthaus Berlin, at the Palais du Pharo in Marseille, in Wiesbaden, Germany, the MA Festival in Bruges, National Philharmonic of Ukraine\u2026<br \/>Her first album, R\u00e9cit, was released in 2023 and critically acclaimed. In 2025 is released her album Myst\u00e8res, exploring Bach\u2019s and Biber\u2019s spirituality. Salom\u00e9 created the viola da gamba class of the Pierre Barbizet Conservatory of Marseille in 2021. She plays a French bass viol made by Simon Bongars in 1655.<\/span><\/p><p>\u00a0<\/p>\t\t\t\t\t\t\t\t<\/div>\n\t\t\t\t<\/div>\n\t\t\t\t<div class=\"elementor-element elementor-element-d936eeb elementor-align-center elementor-mobile-align-left elementor-widget elementor-widget-button\" data-id=\"d936eeb\" data-element_type=\"widget\" data-e-type=\"widget\" data-widget_type=\"button.default\">\n\t\t\t\t<div class=\"elementor-widget-container\">\n\t\t\t\t\t\t\t\t\t<div class=\"elementor-button-wrapper\">\n\t\t\t\t\t<a class=\"elementor-button elementor-button-link elementor-size-sm\" href=\"https:\/\/www.thueringer-bachwochen.de\/en\/events\/2024\/v52-salome-gasselin-viola-da-gamba\/\" target=\"_blank\">\n\t\t\t\t\t\t<span class=\"elementor-button-content-wrapper\">\n\t\t\t\t\t\t<span class=\"elementor-button-icon\">\n\t\t\t\t<svg aria-hidden=\"true\" class=\"e-font-icon-svg e-fas-arrow-right\" viewBox=\"0 0 448 512\" xmlns=\"http:\/\/www.w3.org\/2000\/svg\"><path d=\"M190.5 66.9l22.2-22.2c9.4-9.4 24.6-9.4 33.9 0L441 239c9.4 9.4 9.4 24.6 0 33.9L246.6 467.3c-9.4 9.4-24.6 9.4-33.9 0l-22.2-22.2c-9.5-9.5-9.3-25 .4-34.3L311.4 296H24c-13.3 0-24-10.7-24-24v-32c0-13.3 10.7-24 24-24h287.4L190.9 101.2c-9.8-9.3-10-24.8-.4-34.3z\"><\/path><\/svg>\t\t\t<\/span>\n\t\t\t\t\t\t\t\t\t<span class=\"elementor-button-text\">En savoir plus<\/span>\n\t\t\t\t\t<\/span>\n\t\t\t\t\t<\/a>\n\t\t\t\t<\/div>\n\t\t\t\t\t\t\t\t<\/div>\n\t\t\t\t<\/div>\n\t\t\t\t<div class=\"elementor-element elementor-element-e7d819b elementor-align-center elementor-mobile-align-left elementor-widget elementor-widget-button\" data-id=\"e7d819b\" data-element_type=\"widget\" data-e-type=\"widget\" data-widget_type=\"button.default\">\n\t\t\t\t<div class=\"elementor-widget-container\">\n\t\t\t\t\t\t\t\t\t<div class=\"elementor-button-wrapper\">\n\t\t\t\t\t<a class=\"elementor-button elementor-button-link elementor-size-sm\" href=\"https:\/\/www.thueringer-bachwochen.de\/en\/events\/2024\/v52-salome-gasselin-viola-da-gamba\/\" target=\"_blank\">\n\t\t\t\t\t\t<span class=\"elementor-button-content-wrapper\">\n\t\t\t\t\t\t<span class=\"elementor-button-icon\">\n\t\t\t\t<svg aria-hidden=\"true\" class=\"e-font-icon-svg e-fas-arrow-right\" viewBox=\"0 0 448 512\" xmlns=\"http:\/\/www.w3.org\/2000\/svg\"><path d=\"M190.5 66.9l22.2-22.2c9.4-9.4 24.6-9.4 33.9 0L441 239c9.4 9.4 9.4 24.6 0 33.9L246.6 467.3c-9.4 9.4-24.6 9.4-33.9 0l-22.2-22.2c-9.5-9.5-9.3-25 .4-34.3L311.4 296H24c-13.3 0-24-10.7-24-24v-32c0-13.3 10.7-24 24-24h287.4L190.9 101.2c-9.8-9.3-10-24.8-.4-34.3z\"><\/path><\/svg>\t\t\t<\/span>\n\t\t\t\t\t\t\t\t\t<span class=\"elementor-button-text\">En savoir plus<\/span>\n\t\t\t\t\t<\/span>\n\t\t\t\t\t<\/a>\n\t\t\t\t<\/div>\n\t\t\t\t\t\t\t\t<\/div>\n\t\t\t\t<\/div>\n\t\t\t\t\t<\/div>\n\t\t\t\t<\/div>\n\t\t<div class=\"elementor-element elementor-element-b296360 e-flex e-con-boxed e-con e-parent\" data-id=\"b296360\" data-element_type=\"container\" data-e-type=\"container\">\n\t\t\t\t\t<div class=\"e-con-inner\">\n\t\t\t\t<div class=\"elementor-element elementor-element-4e49166 elementor-widget elementor-widget-spacer\" data-id=\"4e49166\" data-element_type=\"widget\" data-e-type=\"widget\" data-widget_type=\"spacer.default\">\n\t\t\t\t<div class=\"elementor-widget-container\">\n\t\t\t\t\t\t\t<div class=\"elementor-spacer\">\n\t\t\t<div class=\"elementor-spacer-inner\"><\/div>\n\t\t<\/div>\n\t\t\t\t\t\t<\/div>\n\t\t\t\t<\/div>\n\t\t<div class=\"elementor-element elementor-element-1475d62 e-con-full e-flex e-con e-child\" data-id=\"1475d62\" data-element_type=\"container\" data-e-type=\"container\" data-settings=\"{&quot;background_background&quot;:&quot;classic&quot;}\">\n\t\t<div class=\"elementor-element elementor-element-d5912f3 e-con-full e-flex e-con e-child\" data-id=\"d5912f3\" data-element_type=\"container\" data-e-type=\"container\">\n\t\t\t\t<\/div>\n\t\t\t\t<\/div>\n\t\t\t\t\t<\/div>\n\t\t\t\t<\/div>\n\t\t\t\t<\/div>\n\t\t","protected":false},"excerpt":{"rendered":"<p>\u00a0&#8212;\u00a0english\u00a0below &#8212; Salom\u00e9 Gasselin, figure embl\u00e9matique d\u2019une nouvelle g\u00e9n\u00e9ration, redonne des couleurs \u00e0 son instrument f\u00e9tiche : la viole de gambe. Elle trace une route ponctu\u00e9e de nombreuses r\u00e9compenses : premier prix \u00e0 l\u2019unanimit\u00e9 du Gianni Bergamo Music Award 2020 \u00e0 Lugano en Suisse, deuxi\u00e8me prix du Concours Bach-Abel 2020 \u00e0 K\u00f6then en Allemagne&#8230; Le [&hellip;]<\/p>\n","protected":false},"author":1,"featured_media":0,"parent":0,"menu_order":0,"comment_status":"closed","ping_status":"closed","template":"elementor_header_footer","meta":{"_eb_attr":"","om_disable_all_campaigns":false,"_monsterinsights_skip_tracking":false,"_monsterinsights_sitenote_active":false,"_monsterinsights_sitenote_note":"","_monsterinsights_sitenote_category":0,"footnotes":""},"class_list":["post-356","page","type-page","status-publish","hentry","entry"],"yoast_head":"<!-- This site is optimized with the Yoast SEO plugin v24.4 - https:\/\/yoast.com\/wordpress\/plugins\/seo\/ -->\n<title>Biographie de Salom\u00e9 Gasselin - Violiste classique<\/title>\n<meta name=\"description\" content=\"D\u00e9couvrez la biographie de Salom\u00e9 GASSELIN, devenue une des figures embl\u00e9matiques d&#039;une nouvelle g\u00e9n\u00e9ration de la musique classique.\" \/>\n<meta name=\"robots\" content=\"index, follow, max-snippet:-1, max-image-preview:large, max-video-preview:-1\" \/>\n<link rel=\"canonical\" href=\"https:\/\/salomegasselin.com\/index.php\/salome-gasselin-biographie-viole-de-gambe\/\" \/>\n<meta property=\"og:locale\" content=\"en_US\" \/>\n<meta property=\"og:type\" content=\"article\" \/>\n<meta property=\"og:title\" content=\"Biographie de Salom\u00e9 Gasselin - Violiste classique\" \/>\n<meta property=\"og:description\" content=\"D\u00e9couvrez la biographie de Salom\u00e9 GASSELIN, devenue une des figures embl\u00e9matiques d&#039;une nouvelle g\u00e9n\u00e9ration de la musique classique.\" \/>\n<meta property=\"og:url\" content=\"https:\/\/salomegasselin.com\/index.php\/salome-gasselin-biographie-viole-de-gambe\/\" \/>\n<meta property=\"og:site_name\" content=\"salomegasselin.com\" \/>\n<meta property=\"article:modified_time\" content=\"2026-03-18T17:33:22+00:00\" \/>\n<meta property=\"og:image\" content=\"https:\/\/salomegasselin.com\/wp-content\/uploads\/2024\/01\/000083980006-scaled.jpeg\" \/>\n\t<meta property=\"og:image:width\" content=\"2560\" \/>\n\t<meta property=\"og:image:height\" content=\"1697\" \/>\n\t<meta property=\"og:image:type\" content=\"image\/jpeg\" \/>\n<meta name=\"twitter:card\" content=\"summary_large_image\" \/>\n<meta name=\"twitter:label1\" content=\"Est. reading time\" \/>\n\t<meta name=\"twitter:data1\" content=\"4 minutes\" \/>\n<script type=\"application\/ld+json\" class=\"yoast-schema-graph\">{\"@context\":\"https:\/\/schema.org\",\"@graph\":[{\"@type\":\"WebPage\",\"@id\":\"https:\/\/salomegasselin.com\/index.php\/salome-gasselin-biographie-viole-de-gambe\/\",\"url\":\"https:\/\/salomegasselin.com\/index.php\/salome-gasselin-biographie-viole-de-gambe\/\",\"name\":\"Biographie de Salom\u00e9 Gasselin - Violiste classique\",\"isPartOf\":{\"@id\":\"https:\/\/salomegasselin.com\/#website\"},\"primaryImageOfPage\":{\"@id\":\"https:\/\/salomegasselin.com\/index.php\/salome-gasselin-biographie-viole-de-gambe\/#primaryimage\"},\"image\":{\"@id\":\"https:\/\/salomegasselin.com\/index.php\/salome-gasselin-biographie-viole-de-gambe\/#primaryimage\"},\"thumbnailUrl\":\"http:\/\/salomegasselin.com\/wp-content\/uploads\/2024\/01\/000083980006-1024x679.jpeg\",\"datePublished\":\"2024-01-02T20:34:04+00:00\",\"dateModified\":\"2026-03-18T17:33:22+00:00\",\"description\":\"D\u00e9couvrez la biographie de Salom\u00e9 GASSELIN, devenue une des figures embl\u00e9matiques d'une nouvelle g\u00e9n\u00e9ration de la musique classique.\",\"breadcrumb\":{\"@id\":\"https:\/\/salomegasselin.com\/index.php\/salome-gasselin-biographie-viole-de-gambe\/#breadcrumb\"},\"inLanguage\":\"en-US\",\"potentialAction\":[{\"@type\":\"ReadAction\",\"target\":[\"https:\/\/salomegasselin.com\/index.php\/salome-gasselin-biographie-viole-de-gambe\/\"]}]},{\"@type\":\"ImageObject\",\"inLanguage\":\"en-US\",\"@id\":\"https:\/\/salomegasselin.com\/index.php\/salome-gasselin-biographie-viole-de-gambe\/#primaryimage\",\"url\":\"https:\/\/salomegasselin.com\/wp-content\/uploads\/2024\/01\/000083980006-scaled.jpeg\",\"contentUrl\":\"https:\/\/salomegasselin.com\/wp-content\/uploads\/2024\/01\/000083980006-scaled.jpeg\",\"width\":2560,\"height\":1697,\"caption\":\"Salom\u00e9 Gasselin Biographie\"},{\"@type\":\"BreadcrumbList\",\"@id\":\"https:\/\/salomegasselin.com\/index.php\/salome-gasselin-biographie-viole-de-gambe\/#breadcrumb\",\"itemListElement\":[{\"@type\":\"ListItem\",\"position\":1,\"name\":\"Accueil\",\"item\":\"https:\/\/salomegasselin.com\/\"},{\"@type\":\"ListItem\",\"position\":2,\"name\":\"Bio\"}]},{\"@type\":\"WebSite\",\"@id\":\"https:\/\/salomegasselin.com\/#website\",\"url\":\"https:\/\/salomegasselin.com\/\",\"name\":\"salomegasselin.com\",\"description\":\"\",\"potentialAction\":[{\"@type\":\"SearchAction\",\"target\":{\"@type\":\"EntryPoint\",\"urlTemplate\":\"https:\/\/salomegasselin.com\/?s={search_term_string}\"},\"query-input\":{\"@type\":\"PropertyValueSpecification\",\"valueRequired\":true,\"valueName\":\"search_term_string\"}}],\"inLanguage\":\"en-US\"}]}<\/script>\n<!-- \/ Yoast SEO plugin. -->","yoast_head_json":{"title":"Biographie de Salom\u00e9 Gasselin - Violiste classique","description":"D\u00e9couvrez la biographie de Salom\u00e9 GASSELIN, devenue une des figures embl\u00e9matiques d'une nouvelle g\u00e9n\u00e9ration de la musique classique.","robots":{"index":"index","follow":"follow","max-snippet":"max-snippet:-1","max-image-preview":"max-image-preview:large","max-video-preview":"max-video-preview:-1"},"canonical":"https:\/\/salomegasselin.com\/index.php\/salome-gasselin-biographie-viole-de-gambe\/","og_locale":"en_US","og_type":"article","og_title":"Biographie de Salom\u00e9 Gasselin - Violiste classique","og_description":"D\u00e9couvrez la biographie de Salom\u00e9 GASSELIN, devenue une des figures embl\u00e9matiques d'une nouvelle g\u00e9n\u00e9ration de la musique classique.","og_url":"https:\/\/salomegasselin.com\/index.php\/salome-gasselin-biographie-viole-de-gambe\/","og_site_name":"salomegasselin.com","article_modified_time":"2026-03-18T17:33:22+00:00","og_image":[{"width":2560,"height":1697,"url":"https:\/\/salomegasselin.com\/wp-content\/uploads\/2024\/01\/000083980006-scaled.jpeg","type":"image\/jpeg"}],"twitter_card":"summary_large_image","twitter_misc":{"Est. reading time":"4 minutes"},"schema":{"@context":"https:\/\/schema.org","@graph":[{"@type":"WebPage","@id":"https:\/\/salomegasselin.com\/index.php\/salome-gasselin-biographie-viole-de-gambe\/","url":"https:\/\/salomegasselin.com\/index.php\/salome-gasselin-biographie-viole-de-gambe\/","name":"Biographie de Salom\u00e9 Gasselin - Violiste classique","isPartOf":{"@id":"https:\/\/salomegasselin.com\/#website"},"primaryImageOfPage":{"@id":"https:\/\/salomegasselin.com\/index.php\/salome-gasselin-biographie-viole-de-gambe\/#primaryimage"},"image":{"@id":"https:\/\/salomegasselin.com\/index.php\/salome-gasselin-biographie-viole-de-gambe\/#primaryimage"},"thumbnailUrl":"http:\/\/salomegasselin.com\/wp-content\/uploads\/2024\/01\/000083980006-1024x679.jpeg","datePublished":"2024-01-02T20:34:04+00:00","dateModified":"2026-03-18T17:33:22+00:00","description":"D\u00e9couvrez la biographie de Salom\u00e9 GASSELIN, devenue une des figures embl\u00e9matiques d'une nouvelle g\u00e9n\u00e9ration de la musique classique.","breadcrumb":{"@id":"https:\/\/salomegasselin.com\/index.php\/salome-gasselin-biographie-viole-de-gambe\/#breadcrumb"},"inLanguage":"en-US","potentialAction":[{"@type":"ReadAction","target":["https:\/\/salomegasselin.com\/index.php\/salome-gasselin-biographie-viole-de-gambe\/"]}]},{"@type":"ImageObject","inLanguage":"en-US","@id":"https:\/\/salomegasselin.com\/index.php\/salome-gasselin-biographie-viole-de-gambe\/#primaryimage","url":"https:\/\/salomegasselin.com\/wp-content\/uploads\/2024\/01\/000083980006-scaled.jpeg","contentUrl":"https:\/\/salomegasselin.com\/wp-content\/uploads\/2024\/01\/000083980006-scaled.jpeg","width":2560,"height":1697,"caption":"Salom\u00e9 Gasselin Biographie"},{"@type":"BreadcrumbList","@id":"https:\/\/salomegasselin.com\/index.php\/salome-gasselin-biographie-viole-de-gambe\/#breadcrumb","itemListElement":[{"@type":"ListItem","position":1,"name":"Accueil","item":"https:\/\/salomegasselin.com\/"},{"@type":"ListItem","position":2,"name":"Bio"}]},{"@type":"WebSite","@id":"https:\/\/salomegasselin.com\/#website","url":"https:\/\/salomegasselin.com\/","name":"salomegasselin.com","description":"","potentialAction":[{"@type":"SearchAction","target":{"@type":"EntryPoint","urlTemplate":"https:\/\/salomegasselin.com\/?s={search_term_string}"},"query-input":{"@type":"PropertyValueSpecification","valueRequired":true,"valueName":"search_term_string"}}],"inLanguage":"en-US"}]}},"_links":{"self":[{"href":"https:\/\/salomegasselin.com\/index.php\/wp-json\/wp\/v2\/pages\/356","targetHints":{"allow":["GET"]}}],"collection":[{"href":"https:\/\/salomegasselin.com\/index.php\/wp-json\/wp\/v2\/pages"}],"about":[{"href":"https:\/\/salomegasselin.com\/index.php\/wp-json\/wp\/v2\/types\/page"}],"author":[{"embeddable":true,"href":"https:\/\/salomegasselin.com\/index.php\/wp-json\/wp\/v2\/users\/1"}],"replies":[{"embeddable":true,"href":"https:\/\/salomegasselin.com\/index.php\/wp-json\/wp\/v2\/comments?post=356"}],"version-history":[{"count":118,"href":"https:\/\/salomegasselin.com\/index.php\/wp-json\/wp\/v2\/pages\/356\/revisions"}],"predecessor-version":[{"id":1307,"href":"https:\/\/salomegasselin.com\/index.php\/wp-json\/wp\/v2\/pages\/356\/revisions\/1307"}],"wp:attachment":[{"href":"https:\/\/salomegasselin.com\/index.php\/wp-json\/wp\/v2\/media?parent=356"}],"curies":[{"name":"wp","href":"https:\/\/api.w.org\/{rel}","templated":true}]}}